{"version":"1.0","provider_name":"Turisti\u010dka zajednica op\u0107ine Vi\u0161kovo","provider_url":"https:\/\/demo.tz-viskovo.hr\/de\/","author_name":"Turisti\u010dka zajednica op\u0107ine Vi\u0161kovo","author_url":"https:\/\/demo.tz-viskovo.hr\/de\/","title":"Povorka | Parade | Kolona - Turisti\u010dka zajednica op\u0107ine Vi\u0161kovo","type":"rich","width":600,"height":338,"html":"<blockquote class=\"wp-embedded-content\"><a href=\"https:\/\/demo.tz-viskovo.hr\/de\/zvoncari\/povorka-parade-kolona\/\">Povorka | Parade  | Kolona<\/a><\/blockquote>\n<script type='text\/javascript'>\n<!--\/\/--><![CDATA[\/\/><!--\n\t\t\/*! This file is auto-generated *\/\n\t\t!function(d,l){\"use strict\";var e=!1,n=!1;if(l.querySelector)if(d.addEventListener)e=!0;if(d.wp=d.wp||{},!d.wp.receiveEmbedMessage)if(d.wp.receiveEmbedMessage=function(e){var t=e.data;if(t)if(t.secret||t.message||t.value)if(!\/[^a-zA-Z0-9]\/.test(t.secret)){for(var r,i,a,s=l.querySelectorAll('iframe[data-secret=\"'+t.secret+'\"]'),n=l.querySelectorAll('blockquote[data-secret=\"'+t.secret+'\"]'),o=new RegExp(\"^https?:$\",\"i\"),c=0;c<n.length;c++)n[c].style.display=\"none\";for(c=0;c<s.length;c++)if(r=s[c],e.source===r.contentWindow){if(r.removeAttribute(\"style\"),\"height\"===t.message){if(1e3<(a=parseInt(t.value,10)))a=1e3;else if(~~a<200)a=200;r.height=a}if(\"link\"===t.message)if(i=l.createElement(\"a\"),a=l.createElement(\"a\"),i.href=r.getAttribute(\"src\"),a.href=t.value,o.test(a.protocol))if(a.host===i.host)if(l.activeElement===r)d.top.location.href=t.value}}},e)d.addEventListener(\"message\",d.wp.receiveEmbedMessage,!1),l.addEventListener(\"DOMContentLoaded\",t,!1),d.addEventListener(\"load\",t,!1);function t(){if(!n){n=!0;for(var e,t,r=-1!==navigator.appVersion.indexOf(\"MSIE 10\"),i=!!navigator.userAgent.match(\/Trident.*rv:11\\.\/),a=l.querySelectorAll(\"iframe.wp-embedded-content\"),s=0;s<a.length;s++){if(!(e=a[s]).getAttribute(\"data-secret\"))t=Math.random().toString(36).substr(2,10),e.src+=\"#?secret=\"+t,e.setAttribute(\"data-secret\",t);if(r||i)(t=e.cloneNode(!0)).removeAttribute(\"security\"),e.parentNode.replaceChild(t,e)}}}}(window,document);\n\/\/--><!]]>\n<\/script><iframe sandbox=\"allow-scripts\" security=\"restricted\" src=\"https:\/\/demo.tz-viskovo.hr\/de\/zvoncari\/povorka-parade-kolona\/embed\/\" width=\"600\" height=\"338\" title=\"&#8222;Povorka | Parade  | Kolona&#8220; &#8211; Turisti\u010dka zajednica op\u0107ine Vi\u0161kovo\" frameborder=\"0\" marginwidth=\"0\" marginheight=\"0\" scrolling=\"no\" class=\"wp-embedded-content\"><\/iframe>","thumbnail_url":"https:\/\/demo.tz-viskovo.hr\/wp-content\/uploads\/2019\/08\/povorka.jpg","thumbnail_width":400,"thumbnail_height":188,"description":"U selo ulaze u koloni toliko dugoj da joj se ne nazire kraj. Njihove dobro uvje\u017ebane \u010dvrste korake pa\u017eljivo nadzire komandant upozoravaju\u0107i svojim ma\u010dem one koji povremeno odbijaju poslu\u0161ati naredbu. Tu discipliniranu vrstu, nalik vojni\u010dkoj, tek \u0107e ponekad i namjerno remetiti vrag, sav u crnom i ispla\u017eena crvena jezika, kako bi svojim \u010da\u0111avim dodirom ozna\u010dio [&hellip;]"}