{"id":4243,"date":"2019-08-20T11:31:07","date_gmt":"2019-08-20T11:31:07","guid":{"rendered":"https:\/\/demo.tz-viskovo.hr\/?page_id=4243"},"modified":"2020-05-12T10:48:01","modified_gmt":"2020-05-12T10:48:01","slug":"wichtige-persoenlichkeiten","status":"publish","type":"page","link":"https:\/\/demo.tz-viskovo.hr\/de\/entdecke-viskovo\/kulturerbe\/wichtige-persoenlichkeiten\/","title":{"rendered":"Wichtige Pers\u00f6nlichkeiten"},"content":{"rendered":"\n<h2>MATKO I IVAN BA\u0160TIJAN (BASTIAN)<\/h2>\n\n\n\n<p>Zu den prominenten Figuren aus der Region geh\u00f6ren die Zwillingsbr\u00fcder Ivan und Matko (Mate) Ba\u0161tijan. Sie wurden am 3. September 1828 in Gornji Jugi geboren. Nach dem Abschluss der Volksschule in Kastav besuchten sie das Gymnasium in Rijeka und die zwei Abschlussjahre absolvierten sie in Zagreb. Danach besuchten sie Priesterseminare in Gorica und Triest und wurden 1852 ordiniert. Nach einem kurzen Dienst in Istrien zogen sie nach Triest um und arbeiteten dort als Religionslehrer. Marko ist im Jahr 1885 und Ivan 1886 gestorben. Sie wurden auf dem Friedhof der hl. Anna in Triest begraben. <\/p>\n\n\n\n<p>Matko und Ivan waren aktive Teilnehmer an der Istrischen Nationalen Wiedergeburt. Es wird angenommen, dass sie 1848 w\u00e4hrend ihres Studiums in Zagreb mit der Kroatischen Nationalen Wiedergeburt in Kontakt gekommen sind. Besonders interessant ist der Umstand, dass sie ihr ganzes Leben sowohl beruflich als auch privat zusammen verbrachten und sich gegenseitig in ihrer p\u00e4dagogischen, kulturellen, k\u00fcnstlerischen und politischen Arbeit stets unterst\u00fctzten. <\/p>\n\n\n\n<p>Matko Ba\u0161tijan war 1870 einer der Gr\u00fcnder des Blatts&nbsp;<em>Na\u0161a Sloga<\/em>, die eine wichtige Rolle in der istrischen nationalen Wiedergeburt spielte. Obwohl er niemals der Chefredakteur war, sind sich Historiker einig, dass er die treibende Kraft hinter diesem Blatt war. Er ist auch der Autor zahlreicher Artikel, Nationalgedichte (<em>Budnice<\/em>), Kommentare und sonstiger Zeitungsbeitr\u00e4ge sowie der ber\u00fchmten Dialoge zwischen den beiden fiktionalen Figuren aus Istrien Jurina und Franina, die in der Kastav-Variante des \u010dakavischen Dialekts geschrieben wurden. In erster Linie sah sich Matko allerdings als Dichter und Schriftsteller, auch wenn sein Werk weniger bekannt und eher vernachl\u00e4ssigt wurde. Sein erstes Gedicht wurde in der Zeitschrift&nbsp;<em>Neven<\/em>&nbsp;und seine sonstige Poesie in&nbsp;<em>Na\u0161a Sloga<\/em>ver\u00f6ffentlicht. Der Schwerpunkt seiner Dichtung waren Nationalgedichte, die einfach und leicht verst\u00e4ndlich sein mussten. Wie gro\u00df sein Talent war, kann man aus seinen Elegien erkennen. Seine sonstigen Werke \u2013 wie etwa das Drama&nbsp;<em>Der letzte Kapit\u00e4n von Kastav<\/em>&nbsp;\u2013 sind nur auszugsweise bekannt. <\/p>\n\n\n\n<p>Ivan war vorwiegend an der Malerei interessiert. Obwohl er Autodidakt war, sch\u00e4tzte man ihn als Kunstkenner sehr, und er durfte f\u00fcr den Bischof Strossmayer Gem\u00e4lde bewerten und erwerben. Ihn ersuchte er auch um ein Stipendium, um Malunterricht in Rom zu nehmen, aber ohne Erfolg. Heute sind nur wenige seiner Bilder bekannt. F\u00fcr uns ist das Bildnis des Hl. Matth\u00e4us in der Kirche von Vi\u0161kovo am wichtigsten. Er malte auch St. Nikolaus in Kukuljanovo, St. Anna in Volosko, St. Antonius in Hum, St. Lukas in Rukavac und St. Sebastian in Kastav. Er bemalte auch die Wallfahrtsflagge, die die Bewohner von Kastav jahrelang w\u00e4hrend ihrer Prozession nach Trsat trugen. Diese Flagge mit dem Bildnis der Hl. Helena und Muttergottes von Trsat ist leider verloren gegangen. Angeblich malte Ivan auch ein Portr\u00e4t des Bischofs Strossmayer. Er zeichnete auch die fiktionalen Figuren seines Bruders, Jurina und Franina, f\u00fcr&nbsp;<em>Na\u0161a Sloga<\/em>. <\/p>\n\n\n\n<p>Im Jahr 1930 wurde der 100. Jahrestag ihrer Geburt in ihrem Geburtshaus gefeiert. Zu diesem Anlass wurde eine Gedenktafel enth\u00fcllt, ein Werk von Milan Brozovi\u0107. Die Tafel wurde 2009 von der Gemeinde Vi\u0161kovo auf Initiative des Kulturverbandes&nbsp;<em>Matica hrvatska<\/em>&nbsp;erneuert. <\/p>\n\n\n\n<h2>IVAN MATETI\u0106 RONJGOV<\/h2>\n\n\n\n<p>Der Komponist und Folklorist Ivan Mateti\u0107 Ronjgov wurde am 10. April 1880 im Ort Ronjgi geboren. Seine Musikausbildung absolvierte er an der Musikakademie in Zagreb. Er studierte die istrischen Melodien, zeichnete sie auf und trug zur Entschl\u00fcsselung der Istrischen Tonleiter bei. Es ist sein Verdienst, dass die Volkmusik aus Istrien und Kvarner einen Platz im Tonsystem der Kunstmusik gefunden hat. Er definierte die Istrische Tonleiter und erkl\u00e4rte die Halbtonintervalle, die ihre Basis bilden. Es handelt sich um Volksmusik, die zur kroatischen Tradition in Kvarner und Istrien geh\u00f6rt. Mit seinen theoretischen Erl\u00e4uterungen zur Istrischen Tonleiter schuf Mateti\u0107 die Basis zum Komponieren von Musik in dieser spezifischen Tonleiter. Seine Vokalwerke sind zu einer Art Hymne der Kvarner-Folklore geworden. Dazu geh\u00f6ren diverse Chor- und Solost\u00fccke, Kirchen- und Instrumentalmusik. <\/p>\n\n\n\n<p>Im Jahr 1977 wurde sein Geburtshaus in Ronjgi zu einem Heimatmuseum und Sitz des Verbandes &#8218;Ivan Mateti\u0107 Ronjgov&#8216;. Die Veranstaltungsreihe &#8218;Mateti\u0107-Tage&#8216; findet traditionell jedes Jahr statt. <\/p>\n\n\n\n<h2>IVAN JARDAS <\/h2>\n\n\n\n<p>Ivan Ivo Jardas alias Barba Zvane Halubjan Matija\u0161ev od Mar\u010deji wurde am 15. Juli 1888 geboren. Die Volksschule besuchte er in Sveti Matej (heute Vi\u0161kovo) und die Berufsschule in Kastav. Nach seinem Schulabschluss 1902 wanderte er im Alter von 17 Jahren nach Amerika aus. Da das dortige Leben seine Erwartungen aber nicht erf\u00fcllte, kehrte er 1908 in seine Heimat zur\u00fcck und schrieb sich in Kastav in die Lehrerschule ein. <\/p>\n\n\n\n<p>W\u00e4hrend seiner Ausbildung begann er, sich f\u00fcr seine Heimat und das Volkserbe zu interessieren. Seine ersten ethnographischen Aufzeichnungen stammen aus den Jahren 1909 und 1910. Nach der Matura 1913 arbeitete er als Lehrer in Martin\u010di\u0107i in der N\u00e4he von Gro\u017enjan. Auf Initiative von Matko Laginja begann er, ethnographische Materialien wie Volkslieder, Geschichten und Br\u00e4uche zu sammeln. Als \u00fcberzeugter Lehrer und Patriot musste er seine Dienststelle aufgrund der politischen Gegebenheiten im K\u00f6nigreich der Serben, Kroaten und Slowenen oft wechseln. Von 1925 bis 1930 arbeitete er in Jastrebarsko, danach bis 1949 in Lokve und schlie\u00dflich in Zagreb, wo er zum Leiter der Grundschule in der Stra\u00dfe Haramba\u0161i\u0107eva Ulica ernannt wurde. Dort blieb er bis zu seiner Pensionierung im Jahr 1951. <\/p>\n\n\n\n<p>Im Jahr 1953 ver\u00f6ffentlichte&nbsp;<em>Matica hrvatska<\/em>&nbsp;seine \u010dakavischen Geschichten&nbsp;<em>Kitica ma\u017eurani<\/em>&nbsp;und 1957 die Jugoslawische Akademie der Wissenschaften und K\u00fcnste (JAZU) sein Buch&nbsp;<em>Kastav\u0161tina<\/em>. Seine ethnographische Studie \u201ePo gro\u017enjanskom Krasu\u201c erschien im Jahr 1971. Ivan Ivo Jardas starb 1978. <\/p>\n\n\n\n<h2>ALBERT (BERTO) LU\u010cI\u0106<\/h2>\n\n\n\n<p>Der Schriftsteller Berto Lu\u010di\u0107 wurde 1921 in Globi\u0107i geboren. Seit seiner Kindheit nahm er aktiv am Kulturleben im Gebiet von Halubje teil. Er rezitierte, spielte Theater und war Mitglied des Tamburizza-Chors des Roten Kreuzes. Seine ersten Gedichte wurden 1938 in zwei lokalen Zeitungen ver\u00f6ffentlicht. Im Zweiten Weltkrieg wurde er in Florenz verhaftet, kehrte aber nach der Kapitulation Italiens zur\u00fcck, schloss sich den Partisanen an und setzte seine kulturelle und k\u00fcnstlerische Arbeit fort. <\/p>\n\n\n\n<p>Nach dem Zweiten Weltkrieg lebte und wirkte er in Rube\u0161i (Kastav). In den 1970er Jahren wurden die ersten Kulturprogramme in Kastav veranstaltet. Berto Lu\u010di\u0107 war zuerst Moderator und danach Autor humoristischer Texte im \u010dakavischen Dialekt. In den 1990er Jahren trug der Kulturverband&nbsp;<em>KUD<\/em>&nbsp;<em>Istarska vila<\/em>&nbsp;seine Einakter&nbsp;<em>Likuf<\/em>&nbsp;und&nbsp;<em>Na matice&nbsp;<\/em>vor. Dies gilt heute als Anfang der Veranstaltungsreihe&nbsp;<em>Kultursommer in Kastav,<\/em>&nbsp;die jeden Sommer in Kastav stattfindet. <\/p>\n\n\n\n<p>F\u00fcr den Text und die Regie der Kom\u00f6die&nbsp;<em>Botrinje<\/em>&nbsp;erhielt er die Anerkennung des kroatischen Kulturverbandes&nbsp;<em>Hrvatski sabor culture<\/em>. Er schrieb f\u00fcr die Sendungen&nbsp;<em>Primorska pone\u0161trica<\/em>&nbsp;und&nbsp;<em>Judi i u\u017eanci<\/em>&nbsp;im Radio Rijeka und schrieb die Kolumne&nbsp;<em>Pod urun&nbsp;<\/em>f\u00fcr die Zeitung&nbsp;<em>Novi list<\/em>. <\/p>\n\n\n\n<p>Werke: Gedichtsammlungen&nbsp;<em>Judi i u\u017eanci<\/em>,&nbsp;<em>Sto\u010di\u0161\u0107e<\/em>&nbsp;und&nbsp;<em>Likuf<\/em>, Kom\u00f6dien&nbsp;<em>Jedanajst kumedij<\/em>,&nbsp;<em>Dve kumedije i jo\u0161 \u010dagodar<\/em>.<\/p>\n\n\n\n<p>Berto Lu\u010di\u0107 starb 2002.<\/p>\n\n\n\n<h2>VLADIMIR JUGO<\/h2>\n\n\n\n<p>Vladimir Jugo wurde 1940 in Gornji Jugi geboren. Nach seinem Schulbesuch in Vi\u0161kovo, Kastav und Rijeka studierte er deutsche Sprache und Philosophie an der Philosophischen Fakult\u00e4t in Zagreb. Als Lehrer arbeitete er in Bakar, Kastav und Vi\u0161kovo. <\/p>\n\n\n\n<p>Seine Karriere in der Zeitung&nbsp;<em>Novi list<\/em>&nbsp;begann er als Lektor und danach als Journalist und Redakteur. Ab 1974 war er f\u00fcr die Sendung&nbsp;<em>S primorske pone\u0161trice<\/em>&nbsp;im Radio Rijeka zust\u00e4ndig. <\/p>\n\n\n\n<p>Als Sport- und insbesondere Fu\u00dfballliebhaber war Jugo einer der Gr\u00fcnder des Jugendklubs Halubjan und Organisator zahlreicher Fu\u00dfballturniere. Er initiierte auch die Gr\u00fcndung des Fu\u00dfballklubs Halubjan, in dem er jahrelang selbst spielte. <\/p>\n\n\n\n<p>Die erste Sammlung seiner Kolumnen mit dem Titel&nbsp;<em>Hodi vreme, nosi breme<\/em>&nbsp;erschien 2003 und die zweite&nbsp;<em>Veli i mi\u0107i pod zvezdami<\/em>&nbsp;2005. <\/p>\n\n\n\n<p>Als Journalist und Mitwirkender an diversen B\u00fcchern f\u00f6rderte er stets den \u010dakavischen Dialekt. Seine Texte schildern den &#8218;einfachen Menschen&#8216; von Kastav und das harte, aber zugleich sch\u00f6ne Leben in den Gebieten von Halubje und Kastav. <\/p>\n\n\n\n<p>Vladimir Jugo (Veli) starb 2014. <\/p>\n","protected":false},"excerpt":{"rendered":"<p>MATKO I IVAN BA\u0160TIJAN (BASTIAN) Zu den prominenten Figuren aus der Region geh\u00f6ren die Zwillingsbr\u00fcder Ivan und Matko (Mate) Ba\u0161tijan. Sie wurden am 3. September 1828 in Gornji Jugi geboren. Nach dem Abschluss der Volksschule in Kastav besuchten sie das Gymnasium in Rijeka und die zwei Abschlussjahre absolvierten sie in Zagreb. Danach besuchten sie Priesterseminare [&hellip;]<\/p>\n","protected":false},"author":1,"featured_media":13473,"parent":4224,"menu_order":0,"comment_status":"closed","ping_status":"closed","template":"","meta":[],"acf":[],"yoast_head":"<!-- This site is optimized with the Yoast SEO plugin v17.6 - https:\/\/yoast.com\/wordpress\/plugins\/seo\/ -->\n<meta name=\"robots\" content=\"index, follow, max-snippet:-1, max-image-preview:large, max-video-preview:-1\" \/>\n<link rel=\"canonical\" href=\"https:\/\/demo.tz-viskovo.hr\/de\/entdecke-viskovo\/kulturerbe\/wichtige-persoenlichkeiten\/\" \/>\n<meta property=\"og:locale\" content=\"de_DE\" \/>\n<meta property=\"og:type\" content=\"article\" \/>\n<meta property=\"og:title\" content=\"Wichtige Pers\u00f6nlichkeiten - Turisti\u010dka zajednica op\u0107ine Vi\u0161kovo\" \/>\n<meta property=\"og:description\" content=\"MATKO I IVAN BA\u0160TIJAN (BASTIAN) Zu den prominenten Figuren aus der Region geh\u00f6ren die Zwillingsbr\u00fcder Ivan und Matko (Mate) Ba\u0161tijan. Sie wurden am 3. September 1828 in Gornji Jugi geboren. Nach dem Abschluss der Volksschule in Kastav besuchten sie das Gymnasium in Rijeka und die zwei Abschlussjahre absolvierten sie in Zagreb. Danach besuchten sie Priesterseminare [&hellip;]\" \/>\n<meta property=\"og:url\" content=\"https:\/\/demo.tz-viskovo.hr\/de\/entdecke-viskovo\/kulturerbe\/wichtige-persoenlichkeiten\/\" \/>\n<meta property=\"og:site_name\" content=\"Turisti\u010dka zajednica op\u0107ine Vi\u0161kovo\" \/>\n<meta property=\"article:modified_time\" content=\"2020-05-12T10:48:01+00:00\" \/>\n<meta property=\"og:image\" content=\"https:\/\/demo.tz-viskovo.hr\/wp-content\/uploads\/2020\/05\/DSC06220-Medium.jpg\" \/>\n\t<meta property=\"og:image:width\" content=\"768\" \/>\n\t<meta property=\"og:image:height\" content=\"1152\" \/>\n<meta name=\"twitter:card\" content=\"summary_large_image\" \/>\n<meta name=\"twitter:label1\" content=\"Gesch\u00e4tzte Lesezeit\" \/>\n\t<meta name=\"twitter:data1\" content=\"7\u00a0Minuten\" \/>\n<script type=\"application\/ld+json\" class=\"yoast-schema-graph\">{\"@context\":\"https:\/\/schema.org\",\"@graph\":[{\"@type\":\"WebSite\",\"@id\":\"https:\/\/demo.tz-viskovo.hr\/it\/#website\",\"url\":\"https:\/\/demo.tz-viskovo.hr\/it\/\",\"name\":\"Turisti\\u010dka zajednica op\\u0107ine Vi\\u0161kovo\",\"description\":\"\",\"potentialAction\":[{\"@type\":\"SearchAction\",\"target\":{\"@type\":\"EntryPoint\",\"urlTemplate\":\"https:\/\/demo.tz-viskovo.hr\/it\/?s={search_term_string}\"},\"query-input\":\"required name=search_term_string\"}],\"inLanguage\":\"de\"},{\"@type\":\"ImageObject\",\"@id\":\"https:\/\/demo.tz-viskovo.hr\/de\/entdecke-viskovo\/kulturerbe\/wichtige-persoenlichkeiten\/#primaryimage\",\"inLanguage\":\"de\",\"url\":\"https:\/\/demo.tz-viskovo.hr\/wp-content\/uploads\/2020\/05\/DSC06220-Medium.jpg\",\"contentUrl\":\"https:\/\/demo.tz-viskovo.hr\/wp-content\/uploads\/2020\/05\/DSC06220-Medium.jpg\",\"width\":768,\"height\":1152},{\"@type\":\"WebPage\",\"@id\":\"https:\/\/demo.tz-viskovo.hr\/de\/entdecke-viskovo\/kulturerbe\/wichtige-persoenlichkeiten\/#webpage\",\"url\":\"https:\/\/demo.tz-viskovo.hr\/de\/entdecke-viskovo\/kulturerbe\/wichtige-persoenlichkeiten\/\",\"name\":\"Wichtige Pers\\u00f6nlichkeiten - Turisti\\u010dka zajednica op\\u0107ine Vi\\u0161kovo\",\"isPartOf\":{\"@id\":\"https:\/\/demo.tz-viskovo.hr\/it\/#website\"},\"primaryImageOfPage\":{\"@id\":\"https:\/\/demo.tz-viskovo.hr\/de\/entdecke-viskovo\/kulturerbe\/wichtige-persoenlichkeiten\/#primaryimage\"},\"datePublished\":\"2019-08-20T11:31:07+00:00\",\"dateModified\":\"2020-05-12T10:48:01+00:00\",\"breadcrumb\":{\"@id\":\"https:\/\/demo.tz-viskovo.hr\/de\/entdecke-viskovo\/kulturerbe\/wichtige-persoenlichkeiten\/#breadcrumb\"},\"inLanguage\":\"de\",\"potentialAction\":[{\"@type\":\"ReadAction\",\"target\":[\"https:\/\/demo.tz-viskovo.hr\/de\/entdecke-viskovo\/kulturerbe\/wichtige-persoenlichkeiten\/\"]}]},{\"@type\":\"BreadcrumbList\",\"@id\":\"https:\/\/demo.tz-viskovo.hr\/de\/entdecke-viskovo\/kulturerbe\/wichtige-persoenlichkeiten\/#breadcrumb\",\"itemListElement\":[{\"@type\":\"ListItem\",\"position\":1,\"name\":\"Home\",\"item\":\"https:\/\/demo.tz-viskovo.hr\/de\/\"},{\"@type\":\"ListItem\",\"position\":2,\"name\":\"Entdecke Vi\\u0161kovo\",\"item\":\"https:\/\/demo.tz-viskovo.hr\/de\/entdecke-viskovo\/\"},{\"@type\":\"ListItem\",\"position\":3,\"name\":\"Kulturerbe\",\"item\":\"https:\/\/demo.tz-viskovo.hr\/de\/entdecke-viskovo\/kulturerbe\/\"},{\"@type\":\"ListItem\",\"position\":4,\"name\":\"Wichtige Pers\\u00f6nlichkeiten\"}]}]}<\/script>\n<!-- \/ Yoast SEO plugin. -->","yoast_head_json":{"robots":{"index":"index","follow":"follow","max-snippet":"max-snippet:-1","max-image-preview":"max-image-preview:large","max-video-preview":"max-video-preview:-1"},"canonical":"https:\/\/demo.tz-viskovo.hr\/de\/entdecke-viskovo\/kulturerbe\/wichtige-persoenlichkeiten\/","og_locale":"de_DE","og_type":"article","og_title":"Wichtige Pers\u00f6nlichkeiten - Turisti\u010dka zajednica op\u0107ine Vi\u0161kovo","og_description":"MATKO I IVAN BA\u0160TIJAN (BASTIAN) Zu den prominenten Figuren aus der Region geh\u00f6ren die Zwillingsbr\u00fcder Ivan und Matko (Mate) Ba\u0161tijan. Sie wurden am 3. September 1828 in Gornji Jugi geboren. Nach dem Abschluss der Volksschule in Kastav besuchten sie das Gymnasium in Rijeka und die zwei Abschlussjahre absolvierten sie in Zagreb. Danach besuchten sie Priesterseminare [&hellip;]","og_url":"https:\/\/demo.tz-viskovo.hr\/de\/entdecke-viskovo\/kulturerbe\/wichtige-persoenlichkeiten\/","og_site_name":"Turisti\u010dka zajednica op\u0107ine Vi\u0161kovo","article_modified_time":"2020-05-12T10:48:01+00:00","og_image":[{"width":768,"height":1152,"url":"https:\/\/demo.tz-viskovo.hr\/wp-content\/uploads\/2020\/05\/DSC06220-Medium.jpg","type":"image\/jpeg"}],"twitter_card":"summary_large_image","twitter_misc":{"Gesch\u00e4tzte Lesezeit":"7\u00a0Minuten"},"schema":{"@context":"https:\/\/schema.org","@graph":[{"@type":"WebSite","@id":"https:\/\/demo.tz-viskovo.hr\/it\/#website","url":"https:\/\/demo.tz-viskovo.hr\/it\/","name":"Turisti\u010dka zajednica op\u0107ine Vi\u0161kovo","description":"","potentialAction":[{"@type":"SearchAction","target":{"@type":"EntryPoint","urlTemplate":"https:\/\/demo.tz-viskovo.hr\/it\/?s={search_term_string}"},"query-input":"required name=search_term_string"}],"inLanguage":"de"},{"@type":"ImageObject","@id":"https:\/\/demo.tz-viskovo.hr\/de\/entdecke-viskovo\/kulturerbe\/wichtige-persoenlichkeiten\/#primaryimage","inLanguage":"de","url":"https:\/\/demo.tz-viskovo.hr\/wp-content\/uploads\/2020\/05\/DSC06220-Medium.jpg","contentUrl":"https:\/\/demo.tz-viskovo.hr\/wp-content\/uploads\/2020\/05\/DSC06220-Medium.jpg","width":768,"height":1152},{"@type":"WebPage","@id":"https:\/\/demo.tz-viskovo.hr\/de\/entdecke-viskovo\/kulturerbe\/wichtige-persoenlichkeiten\/#webpage","url":"https:\/\/demo.tz-viskovo.hr\/de\/entdecke-viskovo\/kulturerbe\/wichtige-persoenlichkeiten\/","name":"Wichtige Pers\u00f6nlichkeiten - Turisti\u010dka zajednica op\u0107ine Vi\u0161kovo","isPartOf":{"@id":"https:\/\/demo.tz-viskovo.hr\/it\/#website"},"primaryImageOfPage":{"@id":"https:\/\/demo.tz-viskovo.hr\/de\/entdecke-viskovo\/kulturerbe\/wichtige-persoenlichkeiten\/#primaryimage"},"datePublished":"2019-08-20T11:31:07+00:00","dateModified":"2020-05-12T10:48:01+00:00","breadcrumb":{"@id":"https:\/\/demo.tz-viskovo.hr\/de\/entdecke-viskovo\/kulturerbe\/wichtige-persoenlichkeiten\/#breadcrumb"},"inLanguage":"de","potentialAction":[{"@type":"ReadAction","target":["https:\/\/demo.tz-viskovo.hr\/de\/entdecke-viskovo\/kulturerbe\/wichtige-persoenlichkeiten\/"]}]},{"@type":"BreadcrumbList","@id":"https:\/\/demo.tz-viskovo.hr\/de\/entdecke-viskovo\/kulturerbe\/wichtige-persoenlichkeiten\/#breadcrumb","itemListElement":[{"@type":"ListItem","position":1,"name":"Home","item":"https:\/\/demo.tz-viskovo.hr\/de\/"},{"@type":"ListItem","position":2,"name":"Entdecke Vi\u0161kovo","item":"https:\/\/demo.tz-viskovo.hr\/de\/entdecke-viskovo\/"},{"@type":"ListItem","position":3,"name":"Kulturerbe","item":"https:\/\/demo.tz-viskovo.hr\/de\/entdecke-viskovo\/kulturerbe\/"},{"@type":"ListItem","position":4,"name":"Wichtige Pers\u00f6nlichkeiten"}]}]}},"_links":{"self":[{"href":"https:\/\/demo.tz-viskovo.hr\/de\/wp-json\/wp\/v2\/pages\/4243"}],"collection":[{"href":"https:\/\/demo.tz-viskovo.hr\/de\/wp-json\/wp\/v2\/pages"}],"about":[{"href":"https:\/\/demo.tz-viskovo.hr\/de\/wp-json\/wp\/v2\/types\/page"}],"author":[{"embeddable":true,"href":"https:\/\/demo.tz-viskovo.hr\/de\/wp-json\/wp\/v2\/users\/1"}],"replies":[{"embeddable":true,"href":"https:\/\/demo.tz-viskovo.hr\/de\/wp-json\/wp\/v2\/comments?post=4243"}],"version-history":[{"count":2,"href":"https:\/\/demo.tz-viskovo.hr\/de\/wp-json\/wp\/v2\/pages\/4243\/revisions"}],"predecessor-version":[{"id":13502,"href":"https:\/\/demo.tz-viskovo.hr\/de\/wp-json\/wp\/v2\/pages\/4243\/revisions\/13502"}],"up":[{"embeddable":true,"href":"https:\/\/demo.tz-viskovo.hr\/de\/wp-json\/wp\/v2\/pages\/4224"}],"wp:featuredmedia":[{"embeddable":true,"href":"https:\/\/demo.tz-viskovo.hr\/de\/wp-json\/wp\/v2\/media\/13473"}],"wp:attachment":[{"href":"https:\/\/demo.tz-viskovo.hr\/de\/wp-json\/wp\/v2\/media?parent=4243"}],"curies":[{"name":"wp","href":"https:\/\/api.w.org\/{rel}","templated":true}]}}